{"id":297,"date":"2012-03-25T17:27:23","date_gmt":"2012-03-25T16:27:23","guid":{"rendered":"http:\/\/www.mszporoszlany.hu\/?page_id=297"},"modified":"2013-07-12T21:50:30","modified_gmt":"2013-07-12T20:50:30","slug":"dokumentumok","status":"publish","type":"page","link":"https:\/\/www.mszporoszlany.hu\/?page_id=297","title":{"rendered":"Dokumentumok"},"content":{"rendered":"<p>Az oldalon az MSZP Oroszl\u00e1nyi Szervezete \u00e1ltal k\u00e9sz\u00edtett \u00e9s k\u00f6zreadott, hogy az MSZP orsz\u00e1gos szervezet\u00e9t\u0151l \u00e1tvett \u00e9s nyilv\u00e1noss\u00e1gra hozott anyagok tal\u00e1lhat\u00f3ak meg let\u00f6lthet\u0151 PDF form\u00e1tumban. Amennyiben nem rendelkezik PDF elektronikus dokumentum olvas\u00f3 programmal, akkor Microsoft Windows oper\u00e1ci\u00f3s rendszer al\u00e1 <a title=\"Adoba Acrobat Reader program let\u00f6lt\u00e9se\" href=\"http:\/\/get.adobe.com\/reader\/ \" target=\"_blank\">innen <\/a>let\u00f6ltheti.<\/p>\n<p><strong>MSZP Oroszl\u00e1nyi Szervezete<\/strong><\/p>\n<ul>\n<li>KEM F\u0151\u00fcgy\u00e9szs\u00e9g <a title=\"F\u0151\u00fcgy\u00e9szs\u00e9g elutas\u00edt\u00f3 hat\u00e1rozat\" href=\"\/wp-docs\/Atvilagitas-FU.pdf\" target=\"_blank\">elutas\u00edt\u00f3<\/a> hat\u00e1rozat<\/li>\n<li>KEM Rend\u0151r-f\u0151kapit\u00e1nys\u00e1g <a title=\"Rend\u0151r-f\u0151kapit\u00e1nys\u00e1g megsz\u00fcntet\u0151 hat\u00e1rozata\" href=\"\/wp-docs\/Atvilagitas-RFK.pdf\" target=\"_blank\">megsz\u00fcntet\u0151<\/a> hat\u00e1rozat<\/li>\n<li><a title=\"Politikai f\u00f6ldreng\u00e9s Oroszl\u00e1nyban\" href=\"\/wp-docs\/SajtoAtvilagitas.pdf\" target=\"_blank\">Sajt\u00f3anyag<\/a> &#8211; Politikai f\u00f6ldreng\u00e9s Oroszl\u00e1nyban<\/li>\n<li>EHeti &#8211; Id\u0151szakos kiadv\u00e1ny<br \/>\n<a title=\"EHeti 2012. \u00e9v 01. sz\u00e1m\" href=\"\/wp-docs\/EHeti001.pdf\" target=\"_blank\">2012.01<\/a>, <a title=\"EHeti 2012. \u00e9v 02. sz\u00e1m\" href=\"\/wp-docs\/EHeti002.pdf\" target=\"_blank\">2012.02<\/a>, <a title=\"EHeti 2012. \u00e9vi 03. sz\u00e1m\" href=\"\/wp-docs\/EHeti003.pdf\" target=\"_blank\">2012.03 <\/a>sz\u00e1m<br \/>\n<a title=\"EHeti 2013. \u00e9v 01. sz\u00e1m\" href=\"\/wp-docs\/EHeti004.pdf\" target=\"_blank\">2013.01<\/a>, <a title=\"EHeti 2013. \u00e9v 02. sz\u00e1m\" href=\"\/wp-docs\/EHeti005.pdf\" target=\"_blank\">2013.02<\/a> sz\u00e1m<\/li>\n<\/ul>\n<p><strong>MSZP orsz\u00e1gos szervezete<\/strong><\/p>\n<ul>\n<li>Balegyenes<br \/>\n<a title=\"Balegyenes\" href=\"\/wp-docs\/BE2011-01.pdf\" target=\"_blank\">2011.01<\/a>, <a title=\"Balegyenes\" href=\"\/wp-docs\/BE2012-02.pdf\" target=\"_blank\">2011.02<\/a>, <a title=\"Balegyenes\" href=\"\/wp-docs\/BE2012-03.pdf\" target=\"_blank\">2012.03<\/a>, <a title=\"Balegyenes\" href=\"\/wp-docs\/BE2012-0405.pdf\" target=\"_blank\">2011.04-05<\/a>, <a title=\"Balegyenes\" href=\"\/wp-docs\/BE2012-0405.pdf\" target=\"_blank\">2011.06-07<\/a> sz\u00e1m<br \/>\n<a title=\"Balegyenes\" href=\"\/wp-docs\/BE2012-01.pdf\" target=\"_blank\">2012.01<\/a> sz\u00e1m<\/li>\n<\/ul>\n<p><strong>Societas &#8211; Baloldali Ifj\u00fas\u00e1gi Mozgalom<\/strong><\/p>\n<ul>\n<li>El\u00e9g Volt!<br \/>\n<a title=\"El\u00e9g Volt!\" href=\"\/wp-docs\/Societas-201210.pdf\" target=\"_blank\">2012.10<\/a>, <a title=\"El\u00e9g Volt!\" href=\"\/wp-docs\/Societas-201301.pdf\" target=\"_blank\">2013.01<\/a> sz\u00e1m<\/li>\n<\/ul>\n<p><strong>Egy\u00e9b<\/strong><\/p>\n<ul>\n<li>Herczog Edit EP k\u00e9pvisel\u0151 h\u00edrlevelei<br \/>\n<a title=\"Herczog Edit EP k\u00e9pvisel\u0151 h\u00edrlevele\" href=\"\/wp-docs\/HEEP201204.pdf\" target=\"_blank\">2012.04<\/a>, <a title=\"Herczog Edit EP k\u00e9pvisel\u0151 h\u00edrlevele\" href=\"\/wp-docs\/HEEP201209.pdf\" target=\"_blank\">2012.09<\/a>, <a title=\"Herczog Edit EP k\u00e9pvisel\u0151 h\u00edrlevele\" href=\"\/wp-docs\/HEEP201212.pdf\" target=\"_blank\">2012.12<\/a> havi<br \/>\n<a title=\"Herczog Edit EP k\u00e9pvisel\u0151 h\u00edrlevele\" href=\"\/wp-docs\/HEEP201301.pdf\" target=\"_blank\">2013.01<\/a>, <a title=\"Herczog Edit EP k\u00e9pvisel\u0151 h\u00edrlevele\" href=\"\/wp-docs\/HEEP201302.pdf\" target=\"_blank\">2013.02<\/a> havi<\/li>\n<\/ul>\n","protected":false},"excerpt":{"rendered":"<p>Az oldalon az MSZP Oroszl\u00e1nyi Szervezete \u00e1ltal k\u00e9sz\u00edtett \u00e9s k\u00f6zreadott, hogy az MSZP orsz\u00e1gos szervezet\u00e9t\u0151l \u00e1tvett \u00e9s nyilv\u00e1noss\u00e1gra hozott anyagok tal\u00e1lhat\u00f3ak meg let\u00f6lthet\u0151 PDF form\u00e1tumban. Amennyiben nem rendelkezik PDF elektronikus dokumentum olvas\u00f3 programmal, akkor Microsoft Windows oper\u00e1ci\u00f3s rendszer al\u00e1 innen &hellip; <a href=\"https:\/\/www.mszporoszlany.hu\/?page_id=297\">Egy kattint\u00e1s ide a folytat\u00e1shoz&#8230;. <span class=\"meta-nav\">&rarr;<\/span><\/a><\/p>\n","protected":false},"author":35,"featured_media":0,"parent":0,"menu_order":14,"comment_status":"closed","ping_status":"closed","template":"","meta":{"footnotes":""},"class_list":["post-297","page","type-page","status-publish","hentry"],"_links":{"self":[{"href":"https:\/\/www.mszporoszlany.hu\/index.php?rest_route=\/wp\/v2\/pages\/297","targetHints":{"allow":["GET"]}}],"collection":[{"href":"https:\/\/www.mszporoszlany.hu\/index.php?rest_route=\/wp\/v2\/pages"}],"about":[{"href":"https:\/\/www.mszporoszlany.hu\/index.php?rest_route=\/wp\/v2\/types\/page"}],"author":[{"embeddable":true,"href":"https:\/\/www.mszporoszlany.hu\/index.php?rest_route=\/wp\/v2\/users\/35"}],"replies":[{"embeddable":true,"href":"https:\/\/www.mszporoszlany.hu\/index.php?rest_route=%2Fwp%2Fv2%2Fcomments&post=297"}],"version-history":[{"count":0,"href":"https:\/\/www.mszporoszlany.hu\/index.php?rest_route=\/wp\/v2\/pages\/297\/revisions"}],"wp:attachment":[{"href":"https:\/\/www.mszporoszlany.hu\/index.php?rest_route=%2Fwp%2Fv2%2Fmedia&parent=297"}],"curies":[{"name":"wp","href":"https:\/\/api.w.org\/{rel}","templated":true}]}}