{"id":787,"date":"2012-05-08T04:55:37","date_gmt":"2012-05-08T03:55:37","guid":{"rendered":"http:\/\/www.mszporoszlany.hu\/?page_id=787"},"modified":"2017-02-10T15:45:44","modified_gmt":"2017-02-10T14:45:44","slug":"videok","status":"publish","type":"page","link":"https:\/\/www.mszporoszlany.hu\/?page_id=787","title":{"rendered":"Vide\u00f3k"},"content":{"rendered":"<p><strong>Leg\u00fajabb vide\u00f3aj\u00e1nlatunk<\/strong><\/p>\n<div id=\"videovege\"><\/div>\n<div id=\"video\">\n<div class=\"foto\"><a title=\"Eur\u00f3pai Magyarorsz\u00e1g Konferencia - 1. r\u00e9sz\" href=\"https:\/\/www.youtube.com\/watch?v=v3aqDhDbfyg\" target=\"_blank\"><img loading=\"lazy\" decoding=\"async\" class=\"alignnone\" alt=\"\" src=\"https:\/\/www.mszporoszlany.hu\/wp-videos\/video-29.png\" width=\"200\" height=\"120\" \/><\/a><\/div>\n<div class=\"adat\">Eur\u00f3pai Magyarorsz\u00e1g Konferencia &#8211; 1. r\u00e9sz<br \/>(K\u00f6sz\u00f6nt\u0151, bevezet\u0151)<br \/>\n<small>2016.10.20<\/small><br \/>Forr\u00e1s: vtvszeged (Youtube)\n<\/div>\n<\/div>\n<div id=\"videovege\"><\/div>\n<div id=\"video\">\n<div class=\"foto\"><a title=\"Eur\u00f3pai Magyarorsz\u00e1g Konferencia - 2. r\u00e9sz\" href=\"https:\/\/www.youtube.com\/watch?v=BphTUFPV-l4\" target=\"_blank\"><img loading=\"lazy\" decoding=\"async\" class=\"alignnone\" alt=\"\" src=\"https:\/\/www.mszporoszlany.hu\/wp-videos\/video-30.png\" width=\"200\" height=\"120\" \/><\/a><\/div>\n<div class=\"adat\">Eur\u00f3pai Magyarorsz\u00e1g Konferencia &#8211; 2. r\u00e9sz<br \/>(A jog\u00e1llam)<br \/>\n<small>2016.10.20<\/small><br \/>Forr\u00e1s: vtvszeged (Youtube)\n<\/div>\n<\/div>\n<div id=\"videovege\"><\/div>\n<div id=\"video\">\n<div class=\"foto\"><a title=\"Eur\u00f3pai Magyarorsz\u00e1g Konferencia - 3. r\u00e9sz\" href=\"https:\/\/www.youtube.com\/watch?v=pgcTBBkQQ_g\" target=\"_blank\"><img loading=\"lazy\" decoding=\"async\" class=\"alignnone\" alt=\"\" src=\"https:\/\/www.mszporoszlany.hu\/wp-videos\/video-31.png\" width=\"200\" height=\"120\" \/><\/a><\/div>\n<div class=\"adat\">Eur\u00f3pai Magyarorsz\u00e1g Konferencia &#8211; 3. r\u00e9sz<br \/>(M\u00e1s gazdas\u00e1gi p\u00e1ly\u00e1n)<br \/>\n<small>2016.10.20<\/small><br \/>Forr\u00e1s: vtvszeged (Youtube)\n<\/div>\n<\/div>\n<div id=\"videovege\"><\/div>\n<div id=\"video\">\n<div class=\"foto\"><a title=\"Eur\u00f3pai Magyarorsz\u00e1g Konferencia - 4. r\u00e9sz\" href=\"https:\/\/www.youtube.com\/watch?v=3ZALeMEi01Y\" target=\"_blank\"><img loading=\"lazy\" decoding=\"async\" class=\"alignnone\" alt=\"\" src=\"https:\/\/www.mszporoszlany.hu\/wp-videos\/video-32.png\" width=\"200\" height=\"120\" \/><\/a><\/div>\n<div class=\"adat\">Eur\u00f3pai Magyarorsz\u00e1g Konferencia &#8211; 4. r\u00e9sz<br \/>(\u00d6nkorm\u00e1nyzati alternat\u00edv\u00e1k)<br \/>\n<small>2016.10.20<\/small><br \/>Forr\u00e1s: vtvszeged (Youtube)\n<\/div>\n<\/div>\n<p><strong>Oroszl\u00e1ny<\/strong><\/p>\n<div id=\"videovege\"><\/div>\n<div id=\"video\">\n<div class=\"foto\"><a title=\"Mesterh\u00e1zy Attila - Oroszl\u00e1ny\" href=\"http:\/\/www.youtube.com\/watch?v=tLHdtMtC5NY\" target=\"_blank\"><img loading=\"lazy\" decoding=\"async\" class=\"alignnone\" alt=\"\" src=\"https:\/\/www.mszporoszlany.hu\/wp-videos\/video26.jpg\" width=\"200\" height=\"120\" \/><\/a><\/div>\n<div class=\"adat\">Mesterh\u00e1zy Attila &#8211; Oroszl\u00e1ny<br \/>\n<small>2013.01.14<\/small><br \/>Forr\u00e1s: Luk\u00e1cs Zolt\u00e1n (Youtube)\n<\/div>\n<\/div>\n<div id=\"videovege\"><\/div>\n<div id=\"video\">\n<div class=\"foto\"><a title=\"Eln\u00e9z\u00e9sk\u00e9r\u00e9sre v\u00e1rva...\" href=\"http:\/\/oritel.hu\/index.php?nid=1814\" target=\"_blank\"><img loading=\"lazy\" decoding=\"async\" class=\"alignnone\" alt=\"\" src=\"\/wp-videos\/video17.jpg\" width=\"200\" height=\"120\" \/><\/a><\/div>\n<div class=\"adat\">Eln\u00e9z\u00e9sk\u00e9r\u00e9sre v\u00e1rva<br \/>\n<small>2012.08.29<\/small><br \/>Forr\u00e1s: oritel.hu\n<\/div>\n<\/div>\n<div id=\"videovege\"><\/div>\n<div id=\"video\">\n<div class=\"foto\"><a title=\"\u00c9vi 54 milli\u00f3 forint, a v\u00e9lelem b\u00e9re\" href=\"http:\/\/www.youtube.com\/playlist?list=PL92CB8C3DB5FF834B\" target=\"_blank\"><img loading=\"lazy\" decoding=\"async\" class=\"alignnone\" alt=\"\" src=\"\/wp-videos\/video12.jpg\" width=\"200\" height=\"120\" \/><\/a><\/div>\n<div class=\"adat\">\u00c9vi 54 milli\u00f3 forint, a v\u00e9lelem b\u00e9re<br \/>\n<small>2012.08.14<\/small><br \/>Forr\u00e1s: mszporoszlany.hu\n<\/div>\n<\/div>\n<div id=\"videovege\"><\/div>\n<div id=\"video\">\n<div class=\"foto\"><a title=\"Panasszal \u00e9lt a v\u00e1rosvezet\u00e9s a rend\u0151rs\u00e9gi vizsg\u00e1lat lez\u00e1r\u00e1sa miatt\" href=\"http:\/\/video.oroszlany.hu\/musicvideo.php?vid=4af247e01\" target=\"_blank\"><img loading=\"lazy\" decoding=\"async\" class=\"alignnone\" alt=\"\" src=\"https:\/\/www.mszporoszlany.hu\/wp-videos\/video11.jpg\" width=\"200\" height=\"120\" \/><\/a><\/div>\n<div class=\"adat\">Panasszal \u00e9lt a v\u00e1rosvezet\u00e9s a rend\u0151rs\u00e9gi vizsg\u00e1lat lez\u00e1r\u00e1sa miatt<br \/>\n<small>2012.07.23<\/small><br \/>Forr\u00e1s: oroszlany.hu\n<\/div>\n<\/div>\n<div id=\"videovege\"><\/div>\n<div id=\"video\">\n<div class=\"foto\"><a title=\"B\u0171ncselekm\u00e9ny hi\u00e1ny\u00e1ban...\" href=\"http:\/\/video.oroszlany.hu\/musicvideo.php?vid=384aff5a6\" target=\"_blank\"><img loading=\"lazy\" decoding=\"async\" class=\"alignnone\" alt=\"\" src=\"https:\/\/www.mszporoszlany.hu\/wp-videos\/video05.jpg\" width=\"200\" height=\"120\" \/><\/a><\/div>\n<div class=\"adat\">Az \u00e1tvil\u00e1g\u00edt\u00e1sr\u00f3l Rajnai G\u00e1borral \u00e9s Laz\u00f3k Zolt\u00e1nnal<br \/>\n<small>2012.07.18<\/small><br \/>Forr\u00e1s: oroszlany.hu\n<\/div>\n<\/div>\n<div id=\"videovege\"><\/div>\n<div id=\"video\">\n<div class=\"foto\"><a title=\"Lez\u00e1rult a p\u00e9nz\u00fcgyi vizsg\u00e1lat\" href=\"http:\/\/video.oroszlany.hu\/musicvideo.php?vid=32956bbb9\" target=\"_blank\"><img loading=\"lazy\" decoding=\"async\" class=\"alignnone\" alt=\"\" src=\"https:\/\/www.mszporoszlany.hu\/wp-videos\/video10.jpg\" width=\"200\" height=\"120\" \/><\/a><\/div>\n<div class=\"adat\">Lez\u00e1rult a p\u00e9nz\u00fcgyi vizsg\u00e1lat<br \/>\n<small>2011.07.12<\/small><br \/>Forr\u00e1s: oroszlany.hu\n<\/div>\n<\/div>\n<div id=\"videovege\"><\/div>\n<div id=\"video\">\n<div class=\"foto\"><a title=\"A feljelent\u00e9si elj\u00e1r\u00e1s sajt\u00f3t\u00e1j\u00e9koztat\u00f3ja\" href=\"http:\/\/video.oroszlany.hu\/musicvideo.php?vid=68a1899d4\" target=\"_blank\"><img loading=\"lazy\" decoding=\"async\" class=\"alignnone\" alt=\"\" src=\"https:\/\/www.mszporoszlany.hu\/wp-videos\/video02.jpg\" width=\"200\" height=\"120\" \/><\/a><\/div>\n<div class=\"adat\">Oroszl\u00e1ny p\u00e9nz\u00fcgyi \u00e1tvil\u00e1g\u00edt\u00e1sa<br \/>\n<small>2011.07.05<\/small><br \/>Forr\u00e1s: oroszlany.hu\n<\/div>\n<\/div>\n<div id=\"videovege\"><\/div>\n<div id=\"video\">\n<div class=\"foto\"><a title=\"MSZP Oroszl\u00e1ny Youtube csatorn\u00e1ja\" href=\"http:\/\/www.youtube.com\/user\/MSZPOroszlany\/videos?view=1\" target=\"_blank\"><img loading=\"lazy\" decoding=\"async\" class=\"alignnone\" alt=\"\" src=\"https:\/\/www.mszporoszlany.hu\/wp-videos\/video06.jpg\" width=\"200\" height=\"120\" \/><\/a><\/div>\n<div class=\"adat\">Oroszl\u00e1nyi MSZP hivatalos Youtube csatorn\u00e1ja<br \/>\n<small>2012.07.19<\/small><br \/>Forr\u00e1s: mszporoszlany.hu\n<\/div>\n<\/div>\n<p><strong>Kom\u00e1rom-Esztergom megye<\/strong><\/p>\n<div id=\"videovege\"><\/div>\n<div id=\"video\">\n<div class=\"foto\"><a title=\"Luk\u00e1cs Zolt\u00e1n az Egyenes Besz\u00e9dben\" href=\"http:\/\/atv.hu\/cikk\/video-20130103_lukacs_zoltan\" target=\"_blank\"><img loading=\"lazy\" decoding=\"async\" class=\"alignnone\" alt=\"\" src=\"https:\/\/www.mszporoszlany.hu\/wp-videos\/video25.jpg\" width=\"200\" height=\"120\" \/><\/a><\/div>\n<div class=\"adat\">Luk\u00e1cs Zolt\u00e1n az &#8222;Egyenes Besz\u00e9d&#8221; c\u00edm\u0171 m\u0171sorban<br \/>\n<small>2013.01.03<\/small><br \/>Forr\u00e1s: ATV.hu\n<\/div>\n<\/div>\n<div id=\"videovege\"><\/div>\n<div id=\"video\">\n<div class=\"foto\"><a title=\"Megeml\u00e9kez\u00e9s \u00e9s tiltakoz\u00e1s az Orb\u00e1n korm\u00e1ny megszor\u00edt\u00f3 politik\u00e1ja ellen!\" href=\"http:\/\/www.youtube.com\/watch?v=Yjkla2JYkbU\" target=\"_blank\"><img loading=\"lazy\" decoding=\"async\" class=\"alignnone\" alt=\"\" src=\"https:\/\/www.mszporoszlany.hu\/wp-videos\/video20.jpg\" width=\"200\" height=\"120\" \/><\/a><\/div>\n<div class=\"adat\">Megeml\u00e9kez\u00e9s \u00e9s tiltakoz\u00e1s az Orb\u00e1n korm\u00e1ny megszor\u00edt\u00f3 politik\u00e1ja ellen!<br \/>\n<small>2012.10.22<\/small><br \/>Forr\u00e1s: Luk\u00e1csVide\u00f3 (Youtube)\n<\/div>\n<\/div>\n<div id=\"videovege\"><\/div>\n<div id=\"video\">\n<div class=\"foto\"><a title=\"2012. maj\u00e1lis\" href=\"http:\/\/www.youtube.com\/watch?v=iObPRYtWm_g\" target=\"_blank\"><img loading=\"lazy\" decoding=\"async\" class=\"alignnone\" alt=\"\" src=\"https:\/\/www.mszporoszlany.hu\/wp-videos\/video08.jpg\" width=\"200\" height=\"120\" \/><\/a><\/div>\n<div class=\"adat\">2012 &#8211; M\u00e1jus elseje Tatab\u00e1ny\u00e1n<br \/>\n<small>2012.05.02<\/small><br \/>Forr\u00e1s: Luk\u00e1csVideo (Youtube)\n<\/div>\n<\/div>\n<div id=\"videovege\"><\/div>\n<div id=\"video\">\n<div class=\"foto\"><a title=\"Dorogi \u00e9l\u0151l\u00e1nc\" href=\"http:\/\/www.youtube.com\/watch?v=givXReDWbu4\" target=\"_blank\"><img loading=\"lazy\" decoding=\"async\" class=\"alignnone\" alt=\"\" src=\"https:\/\/www.mszporoszlany.hu\/wp-videos\/video07.jpg\" width=\"200\" height=\"120\" \/><\/a><\/div>\n<div class=\"adat\">Dorogon \u00e9l\u0151l\u00e1nc a k\u00f3rh\u00e1z\u00e9rt \u00e9s rendel\u0151int\u00e9zet\u00e9rt<br \/>\n<small>2012.04.19<\/small><br \/>Forr\u00e1s: Luk\u00e1csVideo (Youtube)\n<\/div>\n<\/div>\n<p><strong>MSZP<\/strong><\/p>\n<div id=\"videovege\"><\/div>\n<div id=\"video\">\n<div class=\"foto\"><a title=\"Budapest Sportar\u00e9na - \u00c9v\u00e9rt\u00e9kel\u00e9s\" href=\"www.youtube.com\/watch?v=bNkmS2W_5_w\" target=\"_blank\"><img loading=\"lazy\" decoding=\"async\" class=\"alignnone\" alt=\"\" src=\"https:\/\/www.mszporoszlany.hu\/wp-videos\/video28.jpg\" width=\"200\" height=\"120\" \/><\/a><\/div>\n<div class=\"adat\">Budapest Sportar\u00e9na &#8211; \u00c9v\u00e9rt\u00e9kel\u00e9s<br \/>\n<small>2013.03.09<\/small><br \/>Forr\u00e1s: MSZP (Youtube)\n<\/div>\n<\/div>\n<div id=\"videovege\"><\/div>\n<div id=\"video\">\n<div class=\"foto\"><a title=\"Magyarorsz\u00e1gMA\" href=\"http:\/\/www.youtube.com\/watch?v=BtjQWYid65k\" target=\"_blank\"><img loading=\"lazy\" decoding=\"async\" class=\"alignnone\" alt=\"\" src=\"https:\/\/www.mszporoszlany.hu\/wp-videos\/video27.jpg\" width=\"200\" height=\"120\" \/><\/a><\/div>\n<div class=\"adat\">Magyarorsz\u00e1gMA<br \/>\n<small>2013.03.03<\/small><br \/>Forr\u00e1s: MSZP (Youtube)\n<\/div>\n<\/div>\n<div id=\"videovege\"><\/div>\n<div id=\"video\">\n<div class=\"foto\"><a title=\"Gazdas\u00e1gi Kil\u00e1bal\u00e1si Koncepci\u00f3\" href=\"http:\/\/www.youtube.com\/watch?v=v0PELbdIUag\" target=\"_blank\"><img loading=\"lazy\" decoding=\"async\" class=\"alignnone\" alt=\"\" src=\"https:\/\/www.mszporoszlany.hu\/wp-videos\/video24.jpg\" width=\"200\" height=\"120\" \/><\/a><\/div>\n<div class=\"adat\">Gazdas\u00e1gi Kil\u00e1bal\u00e1si Koncepci\u00f3<br \/>\n<small>2012.12.06<\/small><br \/>Forr\u00e1s: MSZP-Official (Youtube)\n<\/div>\n<\/div>\n<div id=\"videovege\"><\/div>\n<div id=\"video\">\n<div class=\"foto\"><a title=\"Magyarorsz\u00e1g t\u00f6nkre v\u00e1gva - az Orb\u00e1n-Matolcsy-buk\u00e1s \u00e1ra\" href=\"http:\/\/www.youtube.com\/watch?v=u6nYo3E3rAc\" target=\"_blank\"><img loading=\"lazy\" decoding=\"async\" class=\"alignnone\" alt=\"\" src=\"https:\/\/www.mszporoszlany.hu\/wp-videos\/video22.jpg\" width=\"200\" height=\"120\" \/><\/a><\/div>\n<div class=\"adat\">Magyarorsz\u00e1g t\u00f6nkre v\u00e1gva<br \/>\n(az Orb\u00e1n-Matolcsy-buk\u00e1s \u00e1ra)<br \/>\n<small>2012.11.23<\/small><br \/>Forr\u00e1s: MSZP-Official (Youtube)\n<\/div>\n<\/div>\n<div id=\"videovege\"><\/div>\n<div id=\"video\">\n<div class=\"foto\"><a title=\"B\u00e1nya vagy fagyhal\u00e1l?\" href=\"http:\/\/oritel.hu\/index.php?nid=1906\" target=\"_blank\"><img loading=\"lazy\" decoding=\"async\" class=\"alignnone\" alt=\"\" src=\"https:\/\/www.mszporoszlany.hu\/wp-videos\/video21.jpg\" width=\"200\" height=\"120\" \/><\/a><\/div>\n<div class=\"adat\">B\u00e1nya vagy fagyhal\u00e1l?<br \/>\n<small>2012.11.07<\/small><br \/>Forr\u00e1s: oritel.hu\n<\/div>\n<\/div>\n<div id=\"videovege\"><\/div>\n<div id=\"video\">\n<div class=\"foto\"><a title=\"Nemcsak a tan\u00e9v, egy korszak is lez\u00e1rult az oktat\u00e1sban\" href=\"http:\/\/www.youtube.com\/watch?v=9g6olq9D_kQ\" target=\"_blank\"><img loading=\"lazy\" decoding=\"async\" class=\"alignnone\" alt=\"\" src=\"https:\/\/www.mszporoszlany.hu\/wp-videos\/video01.jpg\" width=\"200\" height=\"120\" \/><\/a><\/div>\n<div class=\"adat\">Nemcsak a tan\u00e9v, egy korszak is lez\u00e1rult az oktat\u00e1sban<br \/>\n<small>2012.06.15<\/small><br \/>Forr\u00e1s: MSZP-Official (Youtube)\n<\/div>\n<\/div>\n<div id=\"videovege\"><\/div>\n<div id=\"video\">\n<div class=\"foto\"><a title=\"MSZP Youtube csatorn\u00e1ja\" href=\"http:\/\/www.youtube.com\/user\/mszpofficial\" target=\"_blank\"><img loading=\"lazy\" decoding=\"async\" class=\"alignnone\" alt=\"\" src=\"https:\/\/www.mszporoszlany.hu\/wp-videos\/video09.jpg\" width=\"200\" height=\"120\" \/><\/a><\/div>\n<div class=\"adat\">MSZP hivatalos Youtube csatorn\u00e1ja<br \/>\n<small>2012.04.01<\/small><br \/>Forr\u00e1s: MSZP-Official (Youtube)\n<\/div>\n<\/div>\n<p><strong>Eur\u00f3pai Uni\u00f3<\/strong><\/p>\n<div id=\"videovege\"><\/div>\n<div id=\"video\">\n<div class=\"foto\"><a title=\"Hogyan l\u00e1tja Eur\u00f3pa Magyarorsz\u00e1got?\" href=\"http:\/\/www.youtube.com\/watch?v=gcexNIHayVE\" target=\"_blank\"><img loading=\"lazy\" decoding=\"async\" class=\"alignnone\" alt=\"\" src=\"https:\/\/www.mszporoszlany.hu\/wp-videos\/video23.jpg\" width=\"200\" height=\"120\" \/><\/a><\/div>\n<div class=\"adat\">Hogyan l\u00e1tja Eur\u00f3pa Magyarorsz\u00e1got?<br \/>\n<small>2012.11.07<\/small><br \/>Forr\u00e1s: Herczog Edit (Youtube)\n<\/div>\n<\/div>\n<div id=\"videovege\"><\/div>\n<p><strong>Egy\u00e9b vide\u00f3k<\/strong><\/p>\n<div id=\"video\">\n<div class=\"foto\"><a title=\"A TB \u00e9s a nyugd\u00edj nem j\u00e1r!\" href=\"http:\/\/www.youtube.com\/watch?v=rvkpgABMYgQ\" target=\"_blank\"><img loading=\"lazy\" decoding=\"async\" class=\"alignnone\" alt=\"\" src=\"https:\/\/www.mszporoszlany.hu\/wp-videos\/video19.jpg\" width=\"200\" height=\"120\" \/><\/a><\/div>\n<div class=\"adat\">A TB \u00e9s a nyugd\u00edj nem j\u00e1r!<br \/>\n<small>2012.10.06<\/small><br \/>Forr\u00e1s: ATV &#8211; Youtube\n<\/div>\n<\/div>\n<div id=\"videovege\"><\/div>\n<div id=\"video\">\n<div class=\"foto\"><a title=\"\u00d6nfoglalkoztat\u00e1s vagy hal\u00e1l\" href=\"http:\/\/index.indavideo.hu\/video\/Angyan_Onfoglalkoztatas_vagy_halal\" target=\"_blank\"><img loading=\"lazy\" decoding=\"async\" class=\"alignnone\" alt=\"\" src=\"https:\/\/www.mszporoszlany.hu\/wp-videos\/video18.jpg\" width=\"200\" height=\"120\" \/><\/a><\/div>\n<div class=\"adat\">\u00d6nfoglalkoztat\u00e1s vagy hal\u00e1l (\u00d6kopolisz)<br \/>\n<small>2012.10.03<\/small><br \/>Forr\u00e1s: IndexVideo\n<\/div>\n<\/div>\n<div id=\"videovege\"><\/div>\n<div id=\"video\">\n<div class=\"foto\"><a title=\"\u00c1ngy\u00e1n riport - 1. r\u00e9sz\" href=\"http:\/\/www.youtube.com\/watch?v=ITcWH1ujrcc\" target=\"_blank\"><img loading=\"lazy\" decoding=\"async\" class=\"alignnone\" alt=\"\" src=\"https:\/\/www.mszporoszlany.hu\/wp-videos\/video03.jpg\" width=\"200\" height=\"120\" \/><\/a><\/div>\n<div class=\"adat\">Z\u00f6ldb\u00e1r\u00f3k (\u00c1ngy\u00e1n riport &#8211; ATV) &#8211; 1. r\u00e9sz<br \/>\n<small>2012.06.21<\/small><br \/>Forr\u00e1s: ATV Zrt (Youtube)\n<\/div>\n<\/div>\n<div id=\"videovege\"><\/div>\n<div id=\"video\">\n<div class=\"foto\"><a title=\"\u00c1ngy\u00e1n riport - 2. r\u00e9sz\" href=\"http:\/\/www.youtube.com\/watch?v=DimWZ7vI1xY\" target=\"_blank\"><img loading=\"lazy\" decoding=\"async\" class=\"alignnone\" alt=\"\" src=\"https:\/\/www.mszporoszlany.hu\/wp-videos\/video04.jpg\" width=\"200\" height=\"120\" \/><\/a><\/div>\n<div class=\"adat\">Z\u00f6ldb\u00e1r\u00f3k (\u00c1ngy\u00e1n riport &#8211; ATV) &#8211; 2. r\u00e9sz<br \/>\n<small>2012.06.21<\/small><br \/>Forr\u00e1s: ATV Zrt (Youtube)\n<\/div>\n<\/div>\n<div id=\"videovege\"><\/div>\n<div id=\"video\">\n<div class=\"foto\"><a title=\"Eur\u00f3pai Magyarorsz\u00e1g Konferencia - 1. r\u00e9sz\" href=\"https:\/\/www.youtube.com\/watch?v=v3aqDhDbfyg\" target=\"_blank\"><img loading=\"lazy\" decoding=\"async\" class=\"alignnone\" alt=\"\" src=\"https:\/\/www.mszporoszlany.hu\/wp-videos\/video-29.png\" width=\"200\" height=\"120\" \/><\/a><\/div>\n<div class=\"adat\">Eur\u00f3pai Magyarorsz\u00e1g Konferencia &#8211; 1. r\u00e9sz<br \/>(K\u00f6sz\u00f6nt\u0151, bevezet\u0151)<br \/>\n<small>2016.10.20<\/small><br \/>Forr\u00e1s: vtvszeged (Youtube)\n<\/div>\n<\/div>\n<div id=\"videovege\"><\/div>\n<div id=\"video\">\n<div class=\"foto\"><a title=\"Eur\u00f3pai Magyarorsz\u00e1g Konferencia - 2. r\u00e9sz\" href=\"https:\/\/www.youtube.com\/watch?v=BphTUFPV-l4\" target=\"_blank\"><img loading=\"lazy\" decoding=\"async\" class=\"alignnone\" alt=\"\" src=\"https:\/\/www.mszporoszlany.hu\/wp-videos\/video-30.png\" width=\"200\" height=\"120\" \/><\/a><\/div>\n<div class=\"adat\">Eur\u00f3pai Magyarorsz\u00e1g Konferencia &#8211; 2. r\u00e9sz<br \/>(A jog\u00e1llam)<br \/>\n<small>2016.10.20<\/small><br \/>Forr\u00e1s: vtvszeged (Youtube)\n<\/div>\n<\/div>\n<div id=\"videovege\"><\/div>\n<div id=\"video\">\n<div class=\"foto\"><a title=\"Eur\u00f3pai Magyarorsz\u00e1g Konferencia - 3. r\u00e9sz\" href=\"https:\/\/www.youtube.com\/watch?v=pgcTBBkQQ_g\" target=\"_blank\"><img loading=\"lazy\" decoding=\"async\" class=\"alignnone\" alt=\"\" src=\"https:\/\/www.mszporoszlany.hu\/wp-videos\/video-31.png\" width=\"200\" height=\"120\" \/><\/a><\/div>\n<div class=\"adat\">Eur\u00f3pai Magyarorsz\u00e1g Konferencia &#8211; 3. r\u00e9sz<br \/>(M\u00e1s gazdas\u00e1gi p\u00e1ly\u00e1n)<br \/>\n<small>2016.10.20<\/small><br \/>Forr\u00e1s: vtvszeged (Youtube)\n<\/div>\n<\/div>\n<div id=\"videovege\"><\/div>\n<div id=\"video\">\n<div class=\"foto\"><a title=\"Eur\u00f3pai Magyarorsz\u00e1g Konferencia - 4. r\u00e9sz\" href=\"https:\/\/www.youtube.com\/watch?v=3ZALeMEi01Y\" target=\"_blank\"><img loading=\"lazy\" decoding=\"async\" class=\"alignnone\" alt=\"\" src=\"https:\/\/www.mszporoszlany.hu\/wp-videos\/video-32.png\" width=\"200\" height=\"120\" \/><\/a><\/div>\n<div class=\"adat\">Eur\u00f3pai Magyarorsz\u00e1g Konferencia &#8211; 4. r\u00e9sz<br \/>(\u00d6nkorm\u00e1nyzati alternat\u00edv\u00e1k)<br \/>\n<small>2016.10.20<\/small><br \/>Forr\u00e1s: vtvszeged (Youtube)\n<\/div>\n<\/div>\n<div id=\"videovege\"><\/div>\n","protected":false},"excerpt":{"rendered":"<p>Leg\u00fajabb vide\u00f3aj\u00e1nlatunk Eur\u00f3pai Magyarorsz\u00e1g Konferencia &#8211; 1. r\u00e9sz(K\u00f6sz\u00f6nt\u0151, bevezet\u0151) 2016.10.20Forr\u00e1s: vtvszeged (Youtube) Eur\u00f3pai Magyarorsz\u00e1g Konferencia &#8211; 2. r\u00e9sz(A jog\u00e1llam) 2016.10.20Forr\u00e1s: vtvszeged (Youtube) Eur\u00f3pai Magyarorsz\u00e1g Konferencia &#8211; 3. r\u00e9sz(M\u00e1s gazdas\u00e1gi p\u00e1ly\u00e1n) 2016.10.20Forr\u00e1s: vtvszeged (Youtube) Eur\u00f3pai Magyarorsz\u00e1g Konferencia &#8211; 4. r\u00e9sz(\u00d6nkorm\u00e1nyzati alternat\u00edv\u00e1k) &hellip; <a href=\"https:\/\/www.mszporoszlany.hu\/?page_id=787\">Egy kattint\u00e1s ide a folytat\u00e1shoz&#8230;. <span class=\"meta-nav\">&rarr;<\/span><\/a><\/p>\n","protected":false},"author":35,"featured_media":0,"parent":0,"menu_order":15,"comment_status":"open","ping_status":"closed","template":"","meta":{"footnotes":""},"class_list":["post-787","page","type-page","status-publish","hentry"],"_links":{"self":[{"href":"https:\/\/www.mszporoszlany.hu\/index.php?rest_route=\/wp\/v2\/pages\/787","targetHints":{"allow":["GET"]}}],"collection":[{"href":"https:\/\/www.mszporoszlany.hu\/index.php?rest_route=\/wp\/v2\/pages"}],"about":[{"href":"https:\/\/www.mszporoszlany.hu\/index.php?rest_route=\/wp\/v2\/types\/page"}],"author":[{"embeddable":true,"href":"https:\/\/www.mszporoszlany.hu\/index.php?rest_route=\/wp\/v2\/users\/35"}],"replies":[{"embeddable":true,"href":"https:\/\/www.mszporoszlany.hu\/index.php?rest_route=%2Fwp%2Fv2%2Fcomments&post=787"}],"version-history":[{"count":0,"href":"https:\/\/www.mszporoszlany.hu\/index.php?rest_route=\/wp\/v2\/pages\/787\/revisions"}],"wp:attachment":[{"href":"https:\/\/www.mszporoszlany.hu\/index.php?rest_route=%2Fwp%2Fv2%2Fmedia&parent=787"}],"curies":[{"name":"wp","href":"https:\/\/api.w.org\/{rel}","templated":true}]}}